{"id":239,"date":"2019-03-21T15:53:55","date_gmt":"2019-03-21T15:53:55","guid":{"rendered":"http:\/\/35.204.72.170\/?post_type=product&#038;p=239"},"modified":"2026-04-02T13:10:13","modified_gmt":"2026-04-02T12:10:13","slug":"quando-eu-nasci","status":"publish","type":"product","link":"https:\/\/www.planetatangerina.com\/pt-pt\/loja\/quando-eu-nasci\/","title":{"rendered":"Quando eu nasci"},"content":{"rendered":"<p>Dizem os especialistas que a descoberta do mundo come\u00e7a logo na barriga da m\u00e3e.<\/p>\n<p>L\u00e1 dentro, aconchegados, j\u00e1 ouvimos m\u00fasica, reconhecemos vozes, acompanhamos ao segundo as emo\u00e7\u00f5es maternas. Mas \u00e9 como se todas as descobertas aguardassem por uma confirma\u00e7\u00e3o&#8230; uma confirma\u00e7\u00e3o que chega no dia em que nascemos.<\/p>\n<p>A\u00ed sim, come\u00e7a a grande aventura. Do respirar, do provar, do sentir&#8230;<\/p>\n<p>Pelas p\u00e1ginas deste livro desfilam algumas das descobertas que nos fizeram (e fazem) espantar. Descobertas t\u00e3o simples como a cor que pinta o fundo do mar, o som de uma folha ao pousar no ch\u00e3o, ou o cheiro das f\u00e9rias quando chega o ver\u00e3o.<\/p>\n<p>Um livro que d\u00e1 as boas-vindas a todos os beb\u00e9s.<\/p>\n","protected":false},"excerpt":{"rendered":"<p>Dizem os especialistas que a descoberta do mundo come\u00e7a logo na barriga da m\u00e3e. L\u00e1 dentro, aconchegados, j\u00e1 ouvimos m\u00fasica, reconhecemos vozes, acompanhamos ao segundo as emo\u00e7\u00f5es maternas. Mas \u00e9 como se todas as descobertas aguardassem por uma confirma\u00e7\u00e3o&#8230; uma confirma\u00e7\u00e3o que chega no dia em que nascemos. A\u00ed sim, come\u00e7a a grande aventura. Do [&hellip;]<\/p>\n","protected":false},"featured_media":18408,"template":"","meta":{"_acf_changed":false},"product_brand":[],"product_cat":[241,20,19],"product_tag":[342],"class_list":{"0":"post-239","1":"product","2":"type-product","3":"status-publish","4":"has-post-thumbnail","6":"product_cat-com-propostas","7":"product_cat-albuns-ilustrados","8":"product_cat-livros","9":"product_tag-editor","11":"first","12":"instock","13":"taxable","14":"shipping-taxable","15":"purchasable","16":"product-type-simple"},"acf":[],"yoast_head":"<!-- This site is optimized with the Yoast SEO plugin v27.2 - https:\/\/yoast.com\/product\/yoast-seo-wordpress\/ -->\n<title>Quando eu nasci - ( Com propostas ), \u00c1lbuns ilustrados, Livros - Loja online do Planeta Tangerina<\/title>\n<meta name=\"description\" content=\"Comprar Quando eu nasci com 10% de desconto do editor. Dizem os especialistas que a descoberta do mundo come\u00e7a logo na barriga da m\u00e3e. L\u00e1 dentro, aconchegados, j\u00e1 ouvimos m\u00fasica, reconhecemos vozes,\" \/>\n<meta name=\"robots\" content=\"index, follow, max-snippet:-1, max-image-preview:large, max-video-preview:-1\" \/>\n<link rel=\"canonical\" href=\"https:\/\/www.planetatangerina.com\/pt-pt\/loja\/quando-eu-nasci\/\" \/>\n<meta name=\"twitter:label1\" content=\"Tempo estimado de leitura\" \/>\n\t<meta name=\"twitter:data1\" content=\"1 minuto\" \/>\n<script type=\"application\/ld+json\" class=\"yoast-schema-graph\">{\"@context\":\"https:\/\/schema.org\",\"@graph\":[{\"@type\":\"WebPage\",\"@id\":\"https:\/\/www.planetatangerina.com\/pt-pt\/loja\/quando-eu-nasci\/\",\"url\":\"https:\/\/www.planetatangerina.com\/pt-pt\/loja\/quando-eu-nasci\/\",\"name\":\"Quando eu nasci - ( Com propostas ), \u00c1lbuns ilustrados, Livros - Loja online do Planeta Tangerina\",\"isPartOf\":{\"@id\":\"https:\/\/www.planetatangerina.com\/pt-pt\/#website\"},\"primaryImageOfPage\":{\"@id\":\"https:\/\/www.planetatangerina.com\/pt-pt\/loja\/quando-eu-nasci\/#primaryimage\"},\"image\":{\"@id\":\"https:\/\/www.planetatangerina.com\/pt-pt\/loja\/quando-eu-nasci\/#primaryimage\"},\"thumbnailUrl\":\"https:\/\/www.planetatangerina.com\/wp-content\/uploads\/2019\/03\/capa-quandoeunasci.jpg\",\"datePublished\":\"2019-03-21T15:53:55+00:00\",\"dateModified\":\"2026-04-02T12:10:13+00:00\",\"description\":\"Comprar Quando eu nasci com 10% de desconto do editor. Dizem os especialistas que a descoberta do mundo come\u00e7a logo na barriga da m\u00e3e. L\u00e1 dentro, aconchegados, j\u00e1 ouvimos m\u00fasica, reconhecemos vozes,\",\"breadcrumb\":{\"@id\":\"https:\/\/www.planetatangerina.com\/pt-pt\/loja\/quando-eu-nasci\/#breadcrumb\"},\"inLanguage\":\"pt-PT\",\"potentialAction\":[{\"@type\":\"ReadAction\",\"target\":[\"https:\/\/www.planetatangerina.com\/pt-pt\/loja\/quando-eu-nasci\/\"]}]},{\"@type\":\"ImageObject\",\"inLanguage\":\"pt-PT\",\"@id\":\"https:\/\/www.planetatangerina.com\/pt-pt\/loja\/quando-eu-nasci\/#primaryimage\",\"url\":\"https:\/\/www.planetatangerina.com\/wp-content\/uploads\/2019\/03\/capa-quandoeunasci.jpg\",\"contentUrl\":\"https:\/\/www.planetatangerina.com\/wp-content\/uploads\/2019\/03\/capa-quandoeunasci.jpg\",\"width\":717,\"height\":800,\"caption\":\"Quando eu nasci Isabel Minh\u00f3s Martins Madalena Matoso\"},{\"@type\":\"BreadcrumbList\",\"@id\":\"https:\/\/www.planetatangerina.com\/pt-pt\/loja\/quando-eu-nasci\/#breadcrumb\",\"itemListElement\":[{\"@type\":\"ListItem\",\"position\":1,\"name\":\"In\u00edcio\",\"item\":\"https:\/\/www.planetatangerina.com\/pt-pt\/\"},{\"@type\":\"ListItem\",\"position\":2,\"name\":\"Loja\",\"item\":\"https:\/\/www.planetatangerina.com\/pt-pt\/loja\/\"},{\"@type\":\"ListItem\",\"position\":3,\"name\":\"Quando eu nasci\"}]},{\"@type\":\"WebSite\",\"@id\":\"https:\/\/www.planetatangerina.com\/pt-pt\/#website\",\"url\":\"https:\/\/www.planetatangerina.com\/pt-pt\/\",\"name\":\"Planeta Tangerina\",\"description\":\"Editora independente de livros infantis e juvenis. Fic\u00e7\u00e3o, livros informativos e novelas gr\u00e1ficas no Plano Nacional de Leitura \u2014 PNL.\",\"publisher\":{\"@id\":\"https:\/\/www.planetatangerina.com\/pt-pt\/#organization\"},\"potentialAction\":[{\"@type\":\"SearchAction\",\"target\":{\"@type\":\"EntryPoint\",\"urlTemplate\":\"https:\/\/www.planetatangerina.com\/pt-pt\/?s={search_term_string}\"},\"query-input\":{\"@type\":\"PropertyValueSpecification\",\"valueRequired\":true,\"valueName\":\"search_term_string\"}}],\"inLanguage\":\"pt-PT\"},{\"@type\":\"Organization\",\"@id\":\"https:\/\/www.planetatangerina.com\/pt-pt\/#organization\",\"name\":\"Planeta Tangerina\",\"url\":\"https:\/\/www.planetatangerina.com\/pt-pt\/\",\"logo\":{\"@type\":\"ImageObject\",\"inLanguage\":\"pt-PT\",\"@id\":\"https:\/\/www.planetatangerina.com\/pt-pt\/#\/schema\/logo\/image\/\",\"url\":\"https:\/\/www.planetatangerina.com\/wp-content\/uploads\/2020\/02\/logo.png\",\"contentUrl\":\"https:\/\/www.planetatangerina.com\/wp-content\/uploads\/2020\/02\/logo.png\",\"width\":275,\"height\":15,\"caption\":\"Planeta Tangerina\"},\"image\":{\"@id\":\"https:\/\/www.planetatangerina.com\/pt-pt\/#\/schema\/logo\/image\/\"},\"sameAs\":[\"https:\/\/www.facebook.com\/planetatangerina\/\",\"https:\/\/www.instagram.com\/planetatangerina\/\"]}]}<\/script>\n<!-- \/ Yoast SEO plugin. -->","yoast_head_json":{"title":"Quando eu nasci - ( Com propostas ), \u00c1lbuns ilustrados, Livros - Loja online do Planeta Tangerina","description":"Comprar Quando eu nasci com 10% de desconto do editor. Dizem os especialistas que a descoberta do mundo come\u00e7a logo na barriga da m\u00e3e. L\u00e1 dentro, aconchegados, j\u00e1 ouvimos m\u00fasica, reconhecemos vozes,","robots":{"index":"index","follow":"follow","max-snippet":"max-snippet:-1","max-image-preview":"max-image-preview:large","max-video-preview":"max-video-preview:-1"},"canonical":"https:\/\/www.planetatangerina.com\/pt-pt\/loja\/quando-eu-nasci\/","twitter_misc":{"Tempo estimado de leitura":"1 minuto"},"schema":{"@context":"https:\/\/schema.org","@graph":[{"@type":"WebPage","@id":"https:\/\/www.planetatangerina.com\/pt-pt\/loja\/quando-eu-nasci\/","url":"https:\/\/www.planetatangerina.com\/pt-pt\/loja\/quando-eu-nasci\/","name":"Quando eu nasci - ( Com propostas ), \u00c1lbuns ilustrados, Livros - Loja online do Planeta Tangerina","isPartOf":{"@id":"https:\/\/www.planetatangerina.com\/pt-pt\/#website"},"primaryImageOfPage":{"@id":"https:\/\/www.planetatangerina.com\/pt-pt\/loja\/quando-eu-nasci\/#primaryimage"},"image":{"@id":"https:\/\/www.planetatangerina.com\/pt-pt\/loja\/quando-eu-nasci\/#primaryimage"},"thumbnailUrl":"https:\/\/www.planetatangerina.com\/wp-content\/uploads\/2019\/03\/capa-quandoeunasci.jpg","datePublished":"2019-03-21T15:53:55+00:00","dateModified":"2026-04-02T12:10:13+00:00","description":"Comprar Quando eu nasci com 10% de desconto do editor. Dizem os especialistas que a descoberta do mundo come\u00e7a logo na barriga da m\u00e3e. L\u00e1 dentro, aconchegados, j\u00e1 ouvimos m\u00fasica, reconhecemos vozes,","breadcrumb":{"@id":"https:\/\/www.planetatangerina.com\/pt-pt\/loja\/quando-eu-nasci\/#breadcrumb"},"inLanguage":"pt-PT","potentialAction":[{"@type":"ReadAction","target":["https:\/\/www.planetatangerina.com\/pt-pt\/loja\/quando-eu-nasci\/"]}]},{"@type":"ImageObject","inLanguage":"pt-PT","@id":"https:\/\/www.planetatangerina.com\/pt-pt\/loja\/quando-eu-nasci\/#primaryimage","url":"https:\/\/www.planetatangerina.com\/wp-content\/uploads\/2019\/03\/capa-quandoeunasci.jpg","contentUrl":"https:\/\/www.planetatangerina.com\/wp-content\/uploads\/2019\/03\/capa-quandoeunasci.jpg","width":717,"height":800,"caption":"Quando eu nasci Isabel Minh\u00f3s Martins Madalena Matoso"},{"@type":"BreadcrumbList","@id":"https:\/\/www.planetatangerina.com\/pt-pt\/loja\/quando-eu-nasci\/#breadcrumb","itemListElement":[{"@type":"ListItem","position":1,"name":"In\u00edcio","item":"https:\/\/www.planetatangerina.com\/pt-pt\/"},{"@type":"ListItem","position":2,"name":"Loja","item":"https:\/\/www.planetatangerina.com\/pt-pt\/loja\/"},{"@type":"ListItem","position":3,"name":"Quando eu nasci"}]},{"@type":"WebSite","@id":"https:\/\/www.planetatangerina.com\/pt-pt\/#website","url":"https:\/\/www.planetatangerina.com\/pt-pt\/","name":"Planeta Tangerina","description":"Editora independente de livros infantis e juvenis. Fic\u00e7\u00e3o, livros informativos e novelas gr\u00e1ficas no Plano Nacional de Leitura \u2014 PNL.","publisher":{"@id":"https:\/\/www.planetatangerina.com\/pt-pt\/#organization"},"potentialAction":[{"@type":"SearchAction","target":{"@type":"EntryPoint","urlTemplate":"https:\/\/www.planetatangerina.com\/pt-pt\/?s={search_term_string}"},"query-input":{"@type":"PropertyValueSpecification","valueRequired":true,"valueName":"search_term_string"}}],"inLanguage":"pt-PT"},{"@type":"Organization","@id":"https:\/\/www.planetatangerina.com\/pt-pt\/#organization","name":"Planeta Tangerina","url":"https:\/\/www.planetatangerina.com\/pt-pt\/","logo":{"@type":"ImageObject","inLanguage":"pt-PT","@id":"https:\/\/www.planetatangerina.com\/pt-pt\/#\/schema\/logo\/image\/","url":"https:\/\/www.planetatangerina.com\/wp-content\/uploads\/2020\/02\/logo.png","contentUrl":"https:\/\/www.planetatangerina.com\/wp-content\/uploads\/2020\/02\/logo.png","width":275,"height":15,"caption":"Planeta Tangerina"},"image":{"@id":"https:\/\/www.planetatangerina.com\/pt-pt\/#\/schema\/logo\/image\/"},"sameAs":["https:\/\/www.facebook.com\/planetatangerina\/","https:\/\/www.instagram.com\/planetatangerina\/"]}]}},"_links":{"self":[{"href":"https:\/\/www.planetatangerina.com\/pt-pt\/wp-json\/wp\/v2\/product\/239","targetHints":{"allow":["GET"]}}],"collection":[{"href":"https:\/\/www.planetatangerina.com\/pt-pt\/wp-json\/wp\/v2\/product"}],"about":[{"href":"https:\/\/www.planetatangerina.com\/pt-pt\/wp-json\/wp\/v2\/types\/product"}],"wp:featuredmedia":[{"embeddable":true,"href":"https:\/\/www.planetatangerina.com\/pt-pt\/wp-json\/wp\/v2\/media\/18408"}],"wp:attachment":[{"href":"https:\/\/www.planetatangerina.com\/pt-pt\/wp-json\/wp\/v2\/media?parent=239"}],"wp:term":[{"taxonomy":"product_brand","embeddable":true,"href":"https:\/\/www.planetatangerina.com\/pt-pt\/wp-json\/wp\/v2\/product_brand?post=239"},{"taxonomy":"product_cat","embeddable":true,"href":"https:\/\/www.planetatangerina.com\/pt-pt\/wp-json\/wp\/v2\/product_cat?post=239"},{"taxonomy":"product_tag","embeddable":true,"href":"https:\/\/www.planetatangerina.com\/pt-pt\/wp-json\/wp\/v2\/product_tag?post=239"}],"curies":[{"name":"wp","href":"https:\/\/api.w.org\/{rel}","templated":true}]}}