{"id":120,"date":"2019-03-18T09:00:42","date_gmt":"2019-03-18T09:00:42","guid":{"rendered":"http:\/\/35.204.72.170\/?post_type=autor&#038;p=120"},"modified":"2020-02-27T11:52:29","modified_gmt":"2020-02-27T11:52:29","slug":"joao-gomes-de-abreu","status":"publish","type":"autor","link":"https:\/\/www.planetatangerina.com\/pt-pt\/sobre\/joao-gomes-de-abreu\/","title":{"rendered":"Jo\u00e3o Gomes de Abreu"},"content":{"rendered":"\n<p>Nasceu em Mo\u00e7ambique em 1974, mas viveu os primeiros meses na ilha da Madeira.<br> Apesar de ser um \u201ccontinental\u201d, ficou para sempre marcado por esses primeiros tempos de \u201cilh\u00e9u\u201d e pelos longos Ver\u00f5es passados em Gaula, perto do Funchal.<br>Estudou Design de Comunica\u00e7\u00e3o na Faculdade de Belas Artes de Lisboa e hoje, para al\u00e9m de dar aulas de Design na Escola Superior de Comunica\u00e7\u00e3o Social de Lisboa, colabora tamb\u00e9m com o Planeta Tangerina.<\/p>\n\n\n\n<p>Nunca tinha escrito um livro  \u2014 \u201cA Ilha\u201d \u00e9 a sua estreia \u2014 mas \u00e9 frequentemente assaltado com ideias para livros. <br>\nDesta vez passou os pensamentos para o papel\u2026 e arriscou.<\/p>\n\n\n\n<p>Em 2013, ganhou uma Men\u00e7\u00e3o do J\u00fari na categoria Opera Prima nos Bologna Ragazzi Awards.<\/p>\n","protected":false},"featured_media":942,"template":"","team-category":[51,52],"class_list":["post-120","autor","type-autor","status-publish","has-post-thumbnail","hentry","team-category-autor","team-category-equipa"],"acf":[],"yoast_head":"<!-- This site is optimized with the Yoast SEO plugin v27.2 - https:\/\/yoast.com\/product\/yoast-seo-wordpress\/ -->\n<title>Jo\u00e3o Gomes de Abreu - Autor - Planeta Tangerina<\/title>\n<meta name=\"description\" content=\"Nasceu em Mo\u00e7ambique em 1974, mas viveu os primeiros meses na ilha da Madeira. Apesar de ser um \u201ccontinental\u201d, ficou para sempre marcado por esses\" \/>\n<meta name=\"robots\" content=\"index, follow, max-snippet:-1, max-image-preview:large, max-video-preview:-1\" \/>\n<link rel=\"canonical\" href=\"https:\/\/www.planetatangerina.com\/pt-pt\/sobre\/joao-gomes-de-abreu\/\" \/>\n<meta name=\"twitter:label1\" content=\"Tempo estimado de leitura\" \/>\n\t<meta name=\"twitter:data1\" content=\"1 minuto\" \/>\n<script type=\"application\/ld+json\" class=\"yoast-schema-graph\">{\"@context\":\"https:\/\/schema.org\",\"@graph\":[{\"@type\":\"WebPage\",\"@id\":\"https:\/\/www.planetatangerina.com\/pt-pt\/sobre\/joao-gomes-de-abreu\/\",\"url\":\"https:\/\/www.planetatangerina.com\/pt-pt\/sobre\/joao-gomes-de-abreu\/\",\"name\":\"Jo\u00e3o Gomes de Abreu - Autor - Planeta Tangerina\",\"isPartOf\":{\"@id\":\"https:\/\/www.planetatangerina.com\/pt-pt\/#website\"},\"primaryImageOfPage\":{\"@id\":\"https:\/\/www.planetatangerina.com\/pt-pt\/sobre\/joao-gomes-de-abreu\/#primaryimage\"},\"image\":{\"@id\":\"https:\/\/www.planetatangerina.com\/pt-pt\/sobre\/joao-gomes-de-abreu\/#primaryimage\"},\"thumbnailUrl\":\"https:\/\/www.planetatangerina.com\/wp-content\/uploads\/2019\/03\/joao_gomes_abreu.jpg\",\"datePublished\":\"2019-03-18T09:00:42+00:00\",\"dateModified\":\"2020-02-27T11:52:29+00:00\",\"description\":\"Nasceu em Mo\u00e7ambique em 1974, mas viveu os primeiros meses na ilha da Madeira. Apesar de ser um \u201ccontinental\u201d, ficou para sempre marcado por esses\",\"breadcrumb\":{\"@id\":\"https:\/\/www.planetatangerina.com\/pt-pt\/sobre\/joao-gomes-de-abreu\/#breadcrumb\"},\"inLanguage\":\"pt-PT\",\"potentialAction\":[{\"@type\":\"ReadAction\",\"target\":[\"https:\/\/www.planetatangerina.com\/pt-pt\/sobre\/joao-gomes-de-abreu\/\"]}]},{\"@type\":\"ImageObject\",\"inLanguage\":\"pt-PT\",\"@id\":\"https:\/\/www.planetatangerina.com\/pt-pt\/sobre\/joao-gomes-de-abreu\/#primaryimage\",\"url\":\"https:\/\/www.planetatangerina.com\/wp-content\/uploads\/2019\/03\/joao_gomes_abreu.jpg\",\"contentUrl\":\"https:\/\/www.planetatangerina.com\/wp-content\/uploads\/2019\/03\/joao_gomes_abreu.jpg\",\"width\":960,\"height\":960},{\"@type\":\"BreadcrumbList\",\"@id\":\"https:\/\/www.planetatangerina.com\/pt-pt\/sobre\/joao-gomes-de-abreu\/#breadcrumb\",\"itemListElement\":[{\"@type\":\"ListItem\",\"position\":1,\"name\":\"In\u00edcio\",\"item\":\"https:\/\/www.planetatangerina.com\/pt-pt\/\"},{\"@type\":\"ListItem\",\"position\":2,\"name\":\"Jo\u00e3o Gomes de Abreu\"}]},{\"@type\":\"WebSite\",\"@id\":\"https:\/\/www.planetatangerina.com\/pt-pt\/#website\",\"url\":\"https:\/\/www.planetatangerina.com\/pt-pt\/\",\"name\":\"Planeta Tangerina\",\"description\":\"Editora independente de livros infantis e juvenis. Fic\u00e7\u00e3o, livros informativos e novelas gr\u00e1ficas no Plano Nacional de Leitura \u2014 PNL.\",\"publisher\":{\"@id\":\"https:\/\/www.planetatangerina.com\/pt-pt\/#organization\"},\"potentialAction\":[{\"@type\":\"SearchAction\",\"target\":{\"@type\":\"EntryPoint\",\"urlTemplate\":\"https:\/\/www.planetatangerina.com\/pt-pt\/?s={search_term_string}\"},\"query-input\":{\"@type\":\"PropertyValueSpecification\",\"valueRequired\":true,\"valueName\":\"search_term_string\"}}],\"inLanguage\":\"pt-PT\"},{\"@type\":\"Organization\",\"@id\":\"https:\/\/www.planetatangerina.com\/pt-pt\/#organization\",\"name\":\"Planeta Tangerina\",\"url\":\"https:\/\/www.planetatangerina.com\/pt-pt\/\",\"logo\":{\"@type\":\"ImageObject\",\"inLanguage\":\"pt-PT\",\"@id\":\"https:\/\/www.planetatangerina.com\/pt-pt\/#\/schema\/logo\/image\/\",\"url\":\"https:\/\/www.planetatangerina.com\/wp-content\/uploads\/2020\/02\/logo.png\",\"contentUrl\":\"https:\/\/www.planetatangerina.com\/wp-content\/uploads\/2020\/02\/logo.png\",\"width\":275,\"height\":15,\"caption\":\"Planeta Tangerina\"},\"image\":{\"@id\":\"https:\/\/www.planetatangerina.com\/pt-pt\/#\/schema\/logo\/image\/\"},\"sameAs\":[\"https:\/\/www.facebook.com\/planetatangerina\/\",\"https:\/\/www.instagram.com\/planetatangerina\/\"]}]}<\/script>\n<!-- \/ Yoast SEO plugin. -->","yoast_head_json":{"title":"Jo\u00e3o Gomes de Abreu - Autor - Planeta Tangerina","description":"Nasceu em Mo\u00e7ambique em 1974, mas viveu os primeiros meses na ilha da Madeira. Apesar de ser um \u201ccontinental\u201d, ficou para sempre marcado por esses","robots":{"index":"index","follow":"follow","max-snippet":"max-snippet:-1","max-image-preview":"max-image-preview:large","max-video-preview":"max-video-preview:-1"},"canonical":"https:\/\/www.planetatangerina.com\/pt-pt\/sobre\/joao-gomes-de-abreu\/","twitter_misc":{"Tempo estimado de leitura":"1 minuto"},"schema":{"@context":"https:\/\/schema.org","@graph":[{"@type":"WebPage","@id":"https:\/\/www.planetatangerina.com\/pt-pt\/sobre\/joao-gomes-de-abreu\/","url":"https:\/\/www.planetatangerina.com\/pt-pt\/sobre\/joao-gomes-de-abreu\/","name":"Jo\u00e3o Gomes de Abreu - Autor - Planeta Tangerina","isPartOf":{"@id":"https:\/\/www.planetatangerina.com\/pt-pt\/#website"},"primaryImageOfPage":{"@id":"https:\/\/www.planetatangerina.com\/pt-pt\/sobre\/joao-gomes-de-abreu\/#primaryimage"},"image":{"@id":"https:\/\/www.planetatangerina.com\/pt-pt\/sobre\/joao-gomes-de-abreu\/#primaryimage"},"thumbnailUrl":"https:\/\/www.planetatangerina.com\/wp-content\/uploads\/2019\/03\/joao_gomes_abreu.jpg","datePublished":"2019-03-18T09:00:42+00:00","dateModified":"2020-02-27T11:52:29+00:00","description":"Nasceu em Mo\u00e7ambique em 1974, mas viveu os primeiros meses na ilha da Madeira. Apesar de ser um \u201ccontinental\u201d, ficou para sempre marcado por esses","breadcrumb":{"@id":"https:\/\/www.planetatangerina.com\/pt-pt\/sobre\/joao-gomes-de-abreu\/#breadcrumb"},"inLanguage":"pt-PT","potentialAction":[{"@type":"ReadAction","target":["https:\/\/www.planetatangerina.com\/pt-pt\/sobre\/joao-gomes-de-abreu\/"]}]},{"@type":"ImageObject","inLanguage":"pt-PT","@id":"https:\/\/www.planetatangerina.com\/pt-pt\/sobre\/joao-gomes-de-abreu\/#primaryimage","url":"https:\/\/www.planetatangerina.com\/wp-content\/uploads\/2019\/03\/joao_gomes_abreu.jpg","contentUrl":"https:\/\/www.planetatangerina.com\/wp-content\/uploads\/2019\/03\/joao_gomes_abreu.jpg","width":960,"height":960},{"@type":"BreadcrumbList","@id":"https:\/\/www.planetatangerina.com\/pt-pt\/sobre\/joao-gomes-de-abreu\/#breadcrumb","itemListElement":[{"@type":"ListItem","position":1,"name":"In\u00edcio","item":"https:\/\/www.planetatangerina.com\/pt-pt\/"},{"@type":"ListItem","position":2,"name":"Jo\u00e3o Gomes de Abreu"}]},{"@type":"WebSite","@id":"https:\/\/www.planetatangerina.com\/pt-pt\/#website","url":"https:\/\/www.planetatangerina.com\/pt-pt\/","name":"Planeta Tangerina","description":"Editora independente de livros infantis e juvenis. Fic\u00e7\u00e3o, livros informativos e novelas gr\u00e1ficas no Plano Nacional de Leitura \u2014 PNL.","publisher":{"@id":"https:\/\/www.planetatangerina.com\/pt-pt\/#organization"},"potentialAction":[{"@type":"SearchAction","target":{"@type":"EntryPoint","urlTemplate":"https:\/\/www.planetatangerina.com\/pt-pt\/?s={search_term_string}"},"query-input":{"@type":"PropertyValueSpecification","valueRequired":true,"valueName":"search_term_string"}}],"inLanguage":"pt-PT"},{"@type":"Organization","@id":"https:\/\/www.planetatangerina.com\/pt-pt\/#organization","name":"Planeta Tangerina","url":"https:\/\/www.planetatangerina.com\/pt-pt\/","logo":{"@type":"ImageObject","inLanguage":"pt-PT","@id":"https:\/\/www.planetatangerina.com\/pt-pt\/#\/schema\/logo\/image\/","url":"https:\/\/www.planetatangerina.com\/wp-content\/uploads\/2020\/02\/logo.png","contentUrl":"https:\/\/www.planetatangerina.com\/wp-content\/uploads\/2020\/02\/logo.png","width":275,"height":15,"caption":"Planeta Tangerina"},"image":{"@id":"https:\/\/www.planetatangerina.com\/pt-pt\/#\/schema\/logo\/image\/"},"sameAs":["https:\/\/www.facebook.com\/planetatangerina\/","https:\/\/www.instagram.com\/planetatangerina\/"]}]}},"_links":{"self":[{"href":"https:\/\/www.planetatangerina.com\/pt-pt\/wp-json\/wp\/v2\/autor\/120","targetHints":{"allow":["GET"]}}],"collection":[{"href":"https:\/\/www.planetatangerina.com\/pt-pt\/wp-json\/wp\/v2\/autor"}],"about":[{"href":"https:\/\/www.planetatangerina.com\/pt-pt\/wp-json\/wp\/v2\/types\/autor"}],"version-history":[{"count":0,"href":"https:\/\/www.planetatangerina.com\/pt-pt\/wp-json\/wp\/v2\/autor\/120\/revisions"}],"wp:featuredmedia":[{"embeddable":true,"href":"https:\/\/www.planetatangerina.com\/pt-pt\/wp-json\/wp\/v2\/media\/942"}],"wp:attachment":[{"href":"https:\/\/www.planetatangerina.com\/pt-pt\/wp-json\/wp\/v2\/media?parent=120"}],"wp:term":[{"taxonomy":"team-category","embeddable":true,"href":"https:\/\/www.planetatangerina.com\/pt-pt\/wp-json\/wp\/v2\/team-category?post=120"}],"curies":[{"name":"wp","href":"https:\/\/api.w.org\/{rel}","templated":true}]}}